{"id":8017,"date":"2020-05-27T10:26:44","date_gmt":"2020-05-27T08:26:44","guid":{"rendered":"https:\/\/www.villadisotto.it\/?page_id=8017"},"modified":"2022-03-30T12:16:24","modified_gmt":"2022-03-30T10:16:24","slug":"measures-in-response-to-covid-19","status":"publish","type":"page","link":"https:\/\/www.villadisotto.it\/fr\/measures-in-response-to-covid-19\/","title":{"rendered":"Measures in response to COVID-19"},"content":{"rendered":"<p>[et_pb_section fb_built=\"1\" _builder_version=\"4.4.7\" custom_padding=\"||31px|||\" global_colors_info=\"{}\"][et_pb_row _builder_version=\"4.4.7\" global_colors_info=\"{}\"][et_pb_column type=\"4_4\" _builder_version=\"4.4.7\" global_colors_info=\"{}\"][et_pb_text _builder_version=\"4.12.1\" header_2_font=\"Petit Formal Script|700|||||||\" header_2_font_size=\"35px\" header_2_font_size_tablet=\"\" header_2_font_size_phone=\"26px\" header_2_font_size_last_edited=\"on|phone\" header_3_font_size_tablet=\"\" header_3_font_size_phone=\"18px\" header_3_font_size_last_edited=\"on|phone\" global_colors_info=\"{}\"]<\/p>\n<h2 style=\"text-align: center;\">Choisissez un accueil s\u00e9curis\u00e9<\/h2>\n<p>[\/et_pb_text][et_pb_text _builder_version=\"4.12.1\" width=\"75%\" width_tablet=\"\" width_phone=\"95%\" width_last_edited=\"on|phone\" module_alignment=\"center\" global_colors_info=\"{}\"]<\/p>\n<p style=\"text-align: center;\"><strong>Ne renoncez pas \u00e0 des vacances, longues ou courtes, en toute d\u00e9tente, dans la nature et les beaux paysages de la campagne toscane.<\/strong><\/p>\n<p style=\"text-align: center;\"><strong>Le Chianti, avec ses collines, ses vignobles et ses oliveraies \u00e0 perte de vue, est l'endroit id\u00e9al pour retrouver le sentiment de libert\u00e9 et le contact avec la nature.<\/strong><\/p>\n<p>[\/et_pb_text][\/et_pb_column][\/et_pb_row][et_pb_row column_structure=\"1_2,1_2\" _builder_version=\"4.4.7\" global_colors_info=\"{}\"][et_pb_column type=\"1_2\" _builder_version=\"4.4.7\" global_colors_info=\"{}\"][et_pb_toggle title=\"Comment nous avons adapt\u00e9 notre structure aux directives Anti-Covid\" closed_toggle_background_color=\"#fcfcfc\" icon_color=\"#d3be80\" open_icon_color=\"#d3be80\" _builder_version=\"4.13.0\" title_text_color=\"#000000\" title_letter_spacing=\"2px\" title_line_height=\"1.5em\" title_font_size_tablet=\"\" title_font_size_phone=\"14px\" title_font_size_last_edited=\"on|phone\" border_radii=\"on|7px|7px|7px|7px\" border_color_all=\"#d3be80\" global_colors_info=\"{}\"]<\/p>\n<ul>\n<li>Nous assurons le nettoyage et la d\u00e9sinfection des chambres et des espaces communs conform\u00e9ment aux recommandations nationales;<\/li>\n<li>Nous assurons le nettoyage et la d\u00e9sinfection des chambres et des espaces communs conform\u00e9ment aux recommandations de l'OMS;<\/li>\n<li><span>Le m\u00e9nage quotidien ne peut \u00eatre effectu\u00e9 que lorsque le client n'est pas dans sa chambre;<\/span><\/li>\n<li>Nous sommes autoris\u00e9s \u00e0 demander l'auto-d\u00e9claration covid-19;<\/li>\n<li>Une certification est n\u00e9cessaire pour acc\u00e9der \u00e0 l'espace d\u00e9tente int\u00e9rieur;<\/li>\n<li>Notre personnel porte toujours un masque;<\/li>\n<li>Nous garantissons une climatisation correcte des chambres;<\/li>\n<li>Assainissement des locaux \u00e0 l'ozone.<\/li>\n<\/ul>\n<p>[\/et_pb_toggle][\/et_pb_column][et_pb_column type=\"1_2\" _builder_version=\"4.4.7\" global_colors_info=\"{}\"][et_pb_toggle title=\"Covid-19 Orientations et conseils: votre s\u00e9curit\u00e9 est primordiale pour nous\" closed_toggle_background_color=\"#fcfcfc\" icon_color=\"#d3be80\" open_icon_color=\"#d3be80\" _builder_version=\"4.13.0\" title_text_color=\"#000000\" title_letter_spacing=\"2px\" title_line_height=\"1.5em\" title_font_size_tablet=\"\" title_font_size_phone=\"14px\" title_font_size_last_edited=\"on|phone\" border_radii=\"on|7px|7px|7px|7px\" border_color_all=\"#d3be80\" global_colors_info=\"{}\"]<\/p>\n<ul>\n<li><span>Afin de profiter pleinement de vos vacances et de tous nos services, nous vous recommandons de venir avec un laissez-passer vert (obtenu par une vaccination ou un pr\u00e9l\u00e8vement rapide dans les 48 heures pr\u00e9c\u00e9dentes);<\/span><\/li>\n<li><span>Lavez-vous souvent les mains au savon et \u00e0 l'eau pendant au moins 20 secondes ou d\u00e9sinfectez-les avec du gel hydro-alcoolique;<\/span><\/li>\n<li>Tenez-vous \u00e0 au moins un m\u00e8tre du personnel et des autres clients dans les espaces communs;<\/li>\n<li>Portez la masque dans tous les espaces communs;<\/li>\n<li>Merci d'ouvrir les fen\u00eatre afin d'a\u00e9rer la chambre avant de sortir;<\/li>\n<li>Ne sortez pas de votre chambre si vous pensez pr\u00e9senter des sympt\u00f4mes li\u00e9s au Covid-19 et informez-en imm\u00e9diatement le G\u00e9rant;<\/li>\n<li>Merci d'\u00e9viter les rassemblements dans les espaces communs;<\/li>\n<li>Merci de garder les clefs de votre chambre avec vous pendant toute la dur\u00e9e du s\u00e9jour;<\/li>\n<li>Merci de couvrir votre bouche et vos mains avec un mouchoir en cas de toux ou d'\u00e9ternuement;<\/li>\n<li>Si vous avez de la fi\u00e8vre ou des sympt\u00f4mes de la grippe, pr\u00e9venez imm\u00e9diatement le personnel;<\/li>\n<li>dans les espaces de d\u00e9tente et les piscines, il n'est pas possible de prendre les serviettes et les draps de bain qui on trouve dans la chambre. Vous pouvez utiliser les v\u00f4tres ou les louer chez nous.<\/li>\n<\/ul>\n<p>[\/et_pb_toggle][\/et_pb_column][\/et_pb_row][\/et_pb_section][et_pb_section fb_built=\"1\" _builder_version=\"4.4.7\" custom_padding=\"20px|||||\" global_colors_info=\"{}\"][et_pb_row column_structure=\"1_4,1_4,1_4,1_4\" use_custom_gutter=\"on\" gutter_width=\"2\" _builder_version=\"4.4.7\" width=\"100%\" max_width=\"1250px\" global_colors_info=\"{}\"][et_pb_column type=\"1_4\" _builder_version=\"4.4.7\" global_colors_info=\"{}\"][et_pb_blurb title=\"CHAMBRES\" url=\"https:\/\/www.villadisotto.it\/fr\/maison-dhotes-sienne-toscane-chambres\/\" image=\"https:\/\/www.villadisotto.it\/wp-content\/uploads\/2019\/05\/appartamento-7-villa-di-sotto.jpg\" alt=\"Appartement 7 Villa di Sotto\" _builder_version=\"4.13.0\" header_font=\"|600|||||||\" header_text_align=\"center\" module_alignment=\"center\" link_option_url=\"https:\/\/www.villadisotto.it\/fr\/maison-dhotes-sienne-toscane-chambres\/\" box_shadow_style=\"preset1\" global_colors_info=\"{}\" transform_styles__hover_enabled=\"on|hover\" transform_scale__hover_enabled=\"on|hover\" transform_translate__hover_enabled=\"on|desktop\" transform_rotate__hover_enabled=\"on|desktop\" transform_skew__hover_enabled=\"on|desktop\" transform_origin__hover_enabled=\"on|desktop\" transform_scale__hover=\"105%|105%\"][\/et_pb_blurb][\/et_pb_column][et_pb_column type=\"1_4\" _builder_version=\"4.4.7\" global_colors_info=\"{}\"][et_pb_blurb title=\"APPARTEMENTS\" url=\"https:\/\/www.villadisotto.it\/fr\/maison-vacances-sienne-appartements\/\" image=\"https:\/\/www.villadisotto.it\/wp-content\/uploads\/2019\/05\/Appartamento-6-Villa-di-Sotto.jpg\" alt=\"Appartement 6\" _builder_version=\"4.13.0\" header_font=\"|600|||||||\" header_text_align=\"center\" module_alignment=\"center\" link_option_url=\"https:\/\/www.villadisotto.it\/fr\/maison-vacances-sienne-appartements\/\" box_shadow_style=\"preset1\" global_colors_info=\"{}\" transform_styles__hover_enabled=\"on|hover\" transform_scale__hover_enabled=\"on|hover\" transform_translate__hover_enabled=\"on|desktop\" transform_rotate__hover_enabled=\"on|desktop\" transform_skew__hover_enabled=\"on|desktop\" transform_origin__hover_enabled=\"on|desktop\" transform_scale__hover=\"105%|105%\"][\/et_pb_blurb][\/et_pb_column][et_pb_column type=\"1_4\" _builder_version=\"4.4.7\" global_colors_info=\"{}\"][et_pb_blurb title=\"RESTAURANT\" url=\"https:\/\/www.villadisotto.it\/fr\/restaurant-de-cuisine-toscane-restaurant\/\" image=\"https:\/\/www.villadisotto.it\/wp-content\/uploads\/2021\/11\/VdSR-5158.jpg\" alt=\"Appartement 6\" _builder_version=\"4.13.0\" header_font=\"|600|||||||\" header_text_align=\"center\" module_alignment=\"center\" link_option_url=\"https:\/\/www.villadisotto.it\/fr\/restaurant-de-cuisine-toscane-restaurant\/\" box_shadow_style=\"preset1\" global_colors_info=\"{}\" transform_styles__hover_enabled=\"on|hover\" transform_scale__hover_enabled=\"on|hover\" transform_translate__hover_enabled=\"on|desktop\" transform_rotate__hover_enabled=\"on|desktop\" transform_skew__hover_enabled=\"on|desktop\" transform_origin__hover_enabled=\"on|desktop\" transform_scale__hover=\"105%|105%\"][\/et_pb_blurb][\/et_pb_column][et_pb_column type=\"1_4\" _builder_version=\"4.4.7\" global_colors_info=\"{}\"][et_pb_blurb title=\"SHOP\" url=\"https:\/\/www.villadisotto.it\/fr\/boutique-en-ligne\/\" use_icon=\"on\" font_icon=\"&#xe033;||divi||400\" image_icon_width=\"120px\" _builder_version=\"4.13.0\" header_font=\"|600|||||||\" header_text_align=\"center\" module_alignment=\"center\" custom_padding=\"34px||34px||true|false\" link_option_url=\"https:\/\/www.villadisotto.it\/fr\/boutique-en-ligne\/\" box_shadow_style=\"preset1\" icon_font_size=\"120px\" global_colors_info=\"{}\" transform_styles__hover_enabled=\"on|hover\" transform_scale__hover_enabled=\"on|hover\" transform_translate__hover_enabled=\"on|desktop\" transform_rotate__hover_enabled=\"on|desktop\" transform_skew__hover_enabled=\"on|desktop\" transform_origin__hover_enabled=\"on|desktop\" transform_scale__hover=\"105%|105%\"][\/et_pb_blurb][\/et_pb_column][\/et_pb_row][et_pb_row _builder_version=\"4.4.7\" global_colors_info=\"{}\"][et_pb_column type=\"4_4\" _builder_version=\"4.4.7\" global_colors_info=\"{}\"][et_pb_text _builder_version=\"4.4.7\" header_text_align=\"center\" text_orientation=\"center\" global_colors_info=\"{}\"]<\/p>\n<p><strong>Service... dans l'appartement!<\/strong><\/p>\n<p>[\/et_pb_text][et_pb_text _builder_version=\"4.4.7\" width=\"75%\" width_tablet=\"\" width_phone=\"95%\" width_last_edited=\"on|phone\" module_alignment=\"center\" global_colors_info=\"{}\" width__hover_enabled=\"off|desktop\"]<\/p>\n<p style=\"text-align: center;\">Savourez en toute tranquillit\u00e9 les d\u00e9licieux plats typiques de la Toscane dans votre appartement. Comment?<br \/> Demandez le d\u00e9jeuner ou le d\u00eener pendant le petit d\u00e9jeuner et au plus tard \u00e0 11 heures.<br \/> Vous recevrez les plats directement dans votre appartement, sans avoir besoin d'aller au restaurant.<\/p>\n<p>[\/et_pb_text][\/et_pb_column][\/et_pb_row][\/et_pb_section]<\/p>\n","protected":false},"excerpt":{"rendered":"<p>Choisissez un accueil s\u00e9curis\u00e9Ne renoncez pas \u00e0 des vacances, longues ou courtes, en toute d\u00e9tente, dans la nature et les beaux paysages de la campagne toscane. Le Chianti, avec ses collines, ses vignobles et ses oliveraies \u00e0 perte de vue, est l'endroit id\u00e9al pour retrouver le sentiment de libert\u00e9 et le contact avec la nature. [&hellip;]<\/p>\n","protected":false},"author":1,"featured_media":7987,"parent":0,"menu_order":0,"comment_status":"closed","ping_status":"closed","template":"","meta":{"_et_pb_use_builder":"on","_et_pb_old_content":"","_et_gb_content_width":"","footnotes":""},"class_list":["post-8017","page","type-page","status-publish","has-post-thumbnail","hentry"],"yoast_head":"<!-- This site is optimized with the Yoast SEO plugin v27.4 - https:\/\/yoast.com\/product\/yoast-seo-wordpress\/ -->\n<title>Measures in response to COVID-19 - Bed and Breakfast Villa di Sotto<\/title>\n<meta name=\"description\" content=\"Measures in response to COVID-19 | Nous sommes pr\u00eats \u00e0 vous accueillir en toute s\u00e9curit\u00e9. Ne manquez pas de passer des vacances, longues ou courtes, en toute...\" \/>\n<meta name=\"robots\" content=\"index, follow, max-snippet:-1, max-image-preview:large, max-video-preview:-1\" \/>\n<link rel=\"canonical\" href=\"https:\/\/www.villadisotto.it\/fr\/measures-in-response-to-covid-19\/\" \/>\n<meta property=\"og:locale\" content=\"fr_FR\" \/>\n<meta property=\"og:type\" content=\"article\" \/>\n<meta property=\"og:title\" content=\"Measures in response to COVID-19 - Bed and Breakfast Villa di Sotto\" \/>\n<meta property=\"og:description\" content=\"Measures in response to COVID-19 | Nous sommes pr\u00eats \u00e0 vous accueillir en toute s\u00e9curit\u00e9. Ne manquez pas de passer des vacances, longues ou courtes, en toute...\" \/>\n<meta property=\"og:url\" content=\"https:\/\/www.villadisotto.it\/fr\/measures-in-response-to-covid-19\/\" \/>\n<meta property=\"og:site_name\" content=\"Villa di Sotto\" \/>\n<meta property=\"article:modified_time\" content=\"2022-03-30T10:16:24+00:00\" \/>\n<meta property=\"og:image\" content=\"https:\/\/www.villadisotto.it\/wp-content\/uploads\/2020\/05\/IMG_7455.jpg\" \/>\n\t<meta property=\"og:image:width\" content=\"1800\" \/>\n\t<meta property=\"og:image:height\" content=\"1058\" \/>\n\t<meta property=\"og:image:type\" content=\"image\/jpeg\" \/>\n<meta name=\"twitter:card\" content=\"summary_large_image\" \/>\n<meta name=\"twitter:label1\" content=\"Dur\u00e9e de lecture estim\u00e9e\" \/>\n\t<meta name=\"twitter:data1\" content=\"6 minutes\" \/>\n<script type=\"application\/ld+json\" class=\"yoast-schema-graph\">{\"@context\":\"https:\\\/\\\/schema.org\",\"@graph\":[{\"@type\":\"WebPage\",\"@id\":\"https:\\\/\\\/www.villadisotto.it\\\/fr\\\/measures-in-response-to-covid-19\\\/\",\"url\":\"https:\\\/\\\/www.villadisotto.it\\\/fr\\\/measures-in-response-to-covid-19\\\/\",\"name\":\"Measures in response to COVID-19 - Bed and Breakfast Villa di Sotto\",\"isPartOf\":{\"@id\":\"https:\\\/\\\/www.villadisotto.it\\\/#website\"},\"primaryImageOfPage\":{\"@id\":\"https:\\\/\\\/www.villadisotto.it\\\/fr\\\/measures-in-response-to-covid-19\\\/#primaryimage\"},\"image\":{\"@id\":\"https:\\\/\\\/www.villadisotto.it\\\/fr\\\/measures-in-response-to-covid-19\\\/#primaryimage\"},\"thumbnailUrl\":\"https:\\\/\\\/www.villadisotto.it\\\/wp-content\\\/uploads\\\/2020\\\/05\\\/IMG_7455.jpg\",\"datePublished\":\"2020-05-27T08:26:44+00:00\",\"dateModified\":\"2022-03-30T10:16:24+00:00\",\"description\":\"Measures in response to COVID-19 | Nous sommes pr\u00eats \u00e0 vous accueillir en toute s\u00e9curit\u00e9. Ne manquez pas de passer des vacances, longues ou courtes, en toute...\",\"breadcrumb\":{\"@id\":\"https:\\\/\\\/www.villadisotto.it\\\/fr\\\/measures-in-response-to-covid-19\\\/#breadcrumb\"},\"inLanguage\":\"fr-FR\",\"potentialAction\":[{\"@type\":\"ReadAction\",\"target\":[\"https:\\\/\\\/www.villadisotto.it\\\/fr\\\/measures-in-response-to-covid-19\\\/\"]}]},{\"@type\":\"ImageObject\",\"inLanguage\":\"fr-FR\",\"@id\":\"https:\\\/\\\/www.villadisotto.it\\\/fr\\\/measures-in-response-to-covid-19\\\/#primaryimage\",\"url\":\"https:\\\/\\\/www.villadisotto.it\\\/wp-content\\\/uploads\\\/2020\\\/05\\\/IMG_7455.jpg\",\"contentUrl\":\"https:\\\/\\\/www.villadisotto.it\\\/wp-content\\\/uploads\\\/2020\\\/05\\\/IMG_7455.jpg\",\"width\":1800,\"height\":1058,\"caption\":\"Uliveto - Villa di Sotto Restaurant\"},{\"@type\":\"BreadcrumbList\",\"@id\":\"https:\\\/\\\/www.villadisotto.it\\\/fr\\\/measures-in-response-to-covid-19\\\/#breadcrumb\",\"itemListElement\":[{\"@type\":\"ListItem\",\"position\":1,\"name\":\"Home\",\"item\":\"https:\\\/\\\/www.villadisotto.it\\\/\"},{\"@type\":\"ListItem\",\"position\":2,\"name\":\"Measures in response to COVID-19\"}]},{\"@type\":\"WebSite\",\"@id\":\"https:\\\/\\\/www.villadisotto.it\\\/#website\",\"url\":\"https:\\\/\\\/www.villadisotto.it\\\/\",\"name\":\"Villa di Sotto\",\"description\":\"Il cuore del Chianti\",\"potentialAction\":[{\"@type\":\"SearchAction\",\"target\":{\"@type\":\"EntryPoint\",\"urlTemplate\":\"https:\\\/\\\/www.villadisotto.it\\\/?s={search_term_string}\"},\"query-input\":{\"@type\":\"PropertyValueSpecification\",\"valueRequired\":true,\"valueName\":\"search_term_string\"}}],\"inLanguage\":\"fr-FR\"}]}<\/script>\n<!-- \/ Yoast SEO plugin. -->","yoast_head_json":{"title":"Measures in response to COVID-19 - Bed and Breakfast Villa di Sotto","description":"Measures in response to COVID-19 | Nous sommes pr\u00eats \u00e0 vous accueillir en toute s\u00e9curit\u00e9. Ne manquez pas de passer des vacances, longues ou courtes, en toute...","robots":{"index":"index","follow":"follow","max-snippet":"max-snippet:-1","max-image-preview":"max-image-preview:large","max-video-preview":"max-video-preview:-1"},"canonical":"https:\/\/www.villadisotto.it\/fr\/measures-in-response-to-covid-19\/","og_locale":"fr_FR","og_type":"article","og_title":"Measures in response to COVID-19 - Bed and Breakfast Villa di Sotto","og_description":"Measures in response to COVID-19 | Nous sommes pr\u00eats \u00e0 vous accueillir en toute s\u00e9curit\u00e9. Ne manquez pas de passer des vacances, longues ou courtes, en toute...","og_url":"https:\/\/www.villadisotto.it\/fr\/measures-in-response-to-covid-19\/","og_site_name":"Villa di Sotto","article_modified_time":"2022-03-30T10:16:24+00:00","og_image":[{"width":1800,"height":1058,"url":"https:\/\/www.villadisotto.it\/wp-content\/uploads\/2020\/05\/IMG_7455.jpg","type":"image\/jpeg"}],"twitter_card":"summary_large_image","twitter_misc":{"Dur\u00e9e de lecture estim\u00e9e":"6 minutes"},"schema":{"@context":"https:\/\/schema.org","@graph":[{"@type":"WebPage","@id":"https:\/\/www.villadisotto.it\/fr\/measures-in-response-to-covid-19\/","url":"https:\/\/www.villadisotto.it\/fr\/measures-in-response-to-covid-19\/","name":"Measures in response to COVID-19 - Bed and Breakfast Villa di Sotto","isPartOf":{"@id":"https:\/\/www.villadisotto.it\/#website"},"primaryImageOfPage":{"@id":"https:\/\/www.villadisotto.it\/fr\/measures-in-response-to-covid-19\/#primaryimage"},"image":{"@id":"https:\/\/www.villadisotto.it\/fr\/measures-in-response-to-covid-19\/#primaryimage"},"thumbnailUrl":"https:\/\/www.villadisotto.it\/wp-content\/uploads\/2020\/05\/IMG_7455.jpg","datePublished":"2020-05-27T08:26:44+00:00","dateModified":"2022-03-30T10:16:24+00:00","description":"Measures in response to COVID-19 | Nous sommes pr\u00eats \u00e0 vous accueillir en toute s\u00e9curit\u00e9. Ne manquez pas de passer des vacances, longues ou courtes, en toute...","breadcrumb":{"@id":"https:\/\/www.villadisotto.it\/fr\/measures-in-response-to-covid-19\/#breadcrumb"},"inLanguage":"fr-FR","potentialAction":[{"@type":"ReadAction","target":["https:\/\/www.villadisotto.it\/fr\/measures-in-response-to-covid-19\/"]}]},{"@type":"ImageObject","inLanguage":"fr-FR","@id":"https:\/\/www.villadisotto.it\/fr\/measures-in-response-to-covid-19\/#primaryimage","url":"https:\/\/www.villadisotto.it\/wp-content\/uploads\/2020\/05\/IMG_7455.jpg","contentUrl":"https:\/\/www.villadisotto.it\/wp-content\/uploads\/2020\/05\/IMG_7455.jpg","width":1800,"height":1058,"caption":"Uliveto - Villa di Sotto Restaurant"},{"@type":"BreadcrumbList","@id":"https:\/\/www.villadisotto.it\/fr\/measures-in-response-to-covid-19\/#breadcrumb","itemListElement":[{"@type":"ListItem","position":1,"name":"Home","item":"https:\/\/www.villadisotto.it\/"},{"@type":"ListItem","position":2,"name":"Measures in response to COVID-19"}]},{"@type":"WebSite","@id":"https:\/\/www.villadisotto.it\/#website","url":"https:\/\/www.villadisotto.it\/","name":"Villa di Sotto","description":"Il cuore del Chianti","potentialAction":[{"@type":"SearchAction","target":{"@type":"EntryPoint","urlTemplate":"https:\/\/www.villadisotto.it\/?s={search_term_string}"},"query-input":{"@type":"PropertyValueSpecification","valueRequired":true,"valueName":"search_term_string"}}],"inLanguage":"fr-FR"}]}},"_links":{"self":[{"href":"https:\/\/www.villadisotto.it\/fr\/wp-json\/wp\/v2\/pages\/8017","targetHints":{"allow":["GET"]}}],"collection":[{"href":"https:\/\/www.villadisotto.it\/fr\/wp-json\/wp\/v2\/pages"}],"about":[{"href":"https:\/\/www.villadisotto.it\/fr\/wp-json\/wp\/v2\/types\/page"}],"author":[{"embeddable":true,"href":"https:\/\/www.villadisotto.it\/fr\/wp-json\/wp\/v2\/users\/1"}],"replies":[{"embeddable":true,"href":"https:\/\/www.villadisotto.it\/fr\/wp-json\/wp\/v2\/comments?post=8017"}],"version-history":[{"count":60,"href":"https:\/\/www.villadisotto.it\/fr\/wp-json\/wp\/v2\/pages\/8017\/revisions"}],"predecessor-version":[{"id":22513,"href":"https:\/\/www.villadisotto.it\/fr\/wp-json\/wp\/v2\/pages\/8017\/revisions\/22513"}],"wp:featuredmedia":[{"embeddable":true,"href":"https:\/\/www.villadisotto.it\/fr\/wp-json\/wp\/v2\/media\/7987"}],"wp:attachment":[{"href":"https:\/\/www.villadisotto.it\/fr\/wp-json\/wp\/v2\/media?parent=8017"}],"curies":[{"name":"wp","href":"https:\/\/api.w.org\/{rel}","templated":true}]}}