{"id":1637,"date":"2019-06-11T16:59:27","date_gmt":"2019-06-11T14:59:27","guid":{"rendered":"https:\/\/www.villadisotto.it\/b-b-in-chianti-uber-uns\/"},"modified":"2026-01-27T14:30:52","modified_gmt":"2026-01-27T13:30:52","slug":"b-b-in-chianti-uber-uns","status":"publish","type":"page","link":"https:\/\/www.villadisotto.it\/de\/b-b-in-chianti-uber-uns\/","title":{"rendered":"B&amp;B im Chianti - \u00dcber uns"},"content":{"rendered":"<p>[et_pb_section fb_built=\"1\" custom_padding_last_edited=\"on|phone\" _builder_version=\"4.16\" background_image=\"https:\/\/www.villadisotto.it\/wp-content\/uploads\/2019\/04\/proprietari.jpg\" background_position=\"top_center\" custom_margin=\"||2px|||\" custom_padding=\"313px|0px|432px|0px|false|false\" custom_padding_tablet=\"\" custom_padding_phone=\"150px||150px||true\" global_colors_info=\"{}\"][\/et_pb_section][et_pb_section fb_built=\"1\" _builder_version=\"4.16\" width=\"100%\" custom_margin=\"-3px|||||\" custom_padding=\"27px|0px|17px|0px|false|false\" bottom_divider_color=\"rgba(224,153,0,0.2)\" global_colors_info=\"{}\"][et_pb_row _builder_version=\"4.16\" background_size=\"initial\" background_position=\"top_left\" background_repeat=\"repeat\" custom_width_px=\"857px\" global_colors_info=\"{}\"][et_pb_column type=\"4_4\" _builder_version=\"4.16\" custom_padding=\"|||\" global_colors_info=\"{}\" custom_padding__hover=\"|||\"][et_pb_text _builder_version=\"4.27.5\" header_font=\"Petit Formal Script|700|||||||\" header_line_height=\"1.5em\" background_size=\"initial\" background_position=\"top_left\" background_repeat=\"repeat\" custom_margin=\"-7px|||||\" hover_enabled=\"0\" global_colors_info=\"{}\" sticky_enabled=\"0\"]<\/p>\n<h1 style=\"text-align: center;\"><strong>\u00dcber uns...<\/strong><\/h1>\n<p style=\"text-align: center;\"><strong>Wohnen in einem gro\u00dfen Bauernhaus, mit einem Platz<\/strong> <strong>Wunderbar, er hat in uns die Idee und den Wunsch geboren, sie zu teilen.<\/strong><\/p>\n<p style=\"text-align: left;\">Wir haben beschlossen, einen Teil des Hauses in <a href=\"https:\/\/www.villadisotto.it\/de\/unterkunft-villa-di-sotto\/\">Bed &amp; Breakfast <\/a>umzuwandeln. <\/p>\n<p style=\"text-align: justify;\">Das Abenteuer begann im Januar <strong>1996<\/strong> mit der Realisierung der ersten drei R\u00e4ume.<\/p>\n<p style=\"text-align: justify;\">Es war nicht einfach...auf dem Papier schien alles einfach, aber im Laufe der Arbeit waren die ersten Schwierigkeiten nicht zu erwarten. Mit Entschlossenheit setzten wir jedoch das fort, was gerade begonnen hatte...und bis Ende Juli desselben Jahres waren alle Arbeiten abgeschlossen.<\/p>\n<p style=\"text-align: justify;\">Nur die verschiedenen Genehmigungen der Gemeinde, der ASL und der Belle Arti fehlten. Das f\u00fchrte leider zu einer gro\u00dfen Verz\u00f6gerung: Die R\u00e4ume waren fertig, aber niemand konnte sie wegen der Feiertage im August genehmigen.<\/p>\n<p style=\"text-align: justify;\">Wir gingen zum Gemeinde, wo wir um Unterst\u00fctzung bei der Arbeit baten (haupts\u00e4chlich, um die Unternehmen bezahlen zu k\u00f6nnen, die die Arbeit erledigt hatten). Zu diesem Zeitpunkt beschloss die Gemeinde \u00fcber das Ufficio Turistico, die ersten G\u00e4ste zu entsenden, und so begann sich alles zu verwirklichen.<\/p>\n<p style=\"text-align: justify;\">Urspr\u00fcnglich wurde kein Fr\u00fchst\u00fcck angeboten, aber angesichts der gro\u00dfen Nachfrage der G\u00e4ste begannen wir, die ersten hausgemachten Kuchen zu servieren, die sehr gesch\u00e4tzt wurden.<\/p>\n<p style=\"text-align: justify;\"><strong>Im Oktober haben wir endlich alle Berechtigungen bekommen!<\/strong><\/p>\n<p style=\"text-align: justify;\">Seit <strong>1997<\/strong> gab es viele G\u00e4ste, so sehr, dass wir beschlossen haben, unsere Unterkunft zu erweitern und im Juni <strong>1998<\/strong> die erste kleine Wohnung geboren wurde...ein Erfolg! Nach ein paar Monaten haben wir den <a href=\"https:\/\/www.villadisotto.it\/de\/fruhstuck\/\">Fr\u00fchst\u00fccksraum<\/a> eingerichtet. Die Dinge liefen sehr gut und da es nie genug Betten gab, machten wir im Jahr <strong>2000<\/strong> eine weitere gr\u00f6\u00dfere Wohnung.<\/p>\n<p style=\"text-align: justify;\">Die W\u00fcnsche der G\u00e4ste umfassten auch das Abendessen und so begannen wir mit Hilfe unserer Familie, die G\u00e4ste des B&amp;B, typische Gerichte der toskanischen K\u00fcche, zuzubereiten und zu servieren. Die Sache wurde sehr gesch\u00e4tzt, so sehr, dass sich die Kunden durch Mundpropaganda vermehrten. Nach ein paar Jahren wurde eine weitere Wohnung und ein kleines Restaurant gebaut.<\/p>\n<p style=\"text-align: justify;\">Im Jahr <strong>2008<\/strong> begann f\u00fcr uns eine neue Erfahrung: wir haben auch die Verwaltung der Wohnungen von Borgo Villa a Sesta und der <a href=\"https:\/\/www.villadisotto.it\/de\/b-b-mit-schwimmbad-toscana-panorama-schwimmbad\/\">Schwimmb\u00e4der<\/a> \u00fcbernommen. Und zwischen <strong>2016 und 2017<\/strong> haben wir das kleine Restaurant in ein echtes Restaurant verwandelt, das f\u00fcr externe Kunden zug\u00e4nglich ist.<\/p>\n<p style=\"text-align: justify;\">So entstand eine Einrichtung, die alle Voraussetzungen f\u00fcr die Feier von Hochzeiten, Kommunionen, Jubil\u00e4en und andere Arten von Veranstaltungen bietet. Im Jahr <strong>2017<\/strong> wurde die <a href=\"https:\/\/www.villadisotto.it\/de\/wein-shop-chianti-wein-shop\/\">Enoteca im Weinberg<\/a> eingerichtet.<\/p>\n<p style=\"text-align: justify;\">Wir haben uns dann dem <strong>Wohlbefinden unserer G\u00e4ste<\/strong> gewidmet:<\/p>\n<ul>\n<li style=\"text-align: justify;\">Im M\u00e4rz <strong>2019<\/strong> haben wir den neuen <a href=\"https:\/\/www.villadisotto.it\/de\/b-b-mit-spa-in-der-toskana-relax-spa-bereich\/\">Entspannungsbereich\/SPA<\/a> er\u00f6ffnet, das neue Juwel der Villa di Sotto.<\/li>\n<li style=\"text-align: justify;\">Im Jahr <strong>2020<\/strong> haben wir die <a href=\"https:\/\/www.villadisotto.it\/de\/b-b-mit-spa-in-der-toskana-relax-spa-bereich\/\">Wellness-Insel<\/a> f\u00fcr alle geschaffen, die die Natur lieben und nicht auf die neuesten Annehmlichkeiten verzichten wollen.<\/li>\n<li style=\"text-align: justify;\"><strong>2022<\/strong> ist das Jahr <a href=\"https:\/\/www.villadisotto.it\/de\/die-hohle-wellness-ritual\/\">der Grotte<\/a>, in der Sie ein wahres Wellness-Ritual erleben k\u00f6nnen.<\/li>\n<li style=\"text-align: justify;\">Im Jahr <strong>2024<\/strong> haben wir einen 24 Stunden ge\u00f6ffneten <strong>Fitnessraum im Freien<\/strong> geschaffen, in dem unsere G\u00e4ste inmitten von Olivenhainen Sport treiben k\u00f6nnen, und wir haben eine Photovoltaikanlage installiert, um unser Haus noch umweltfreundlicher zu machen.<\/li>\n<li style=\"text-align: justify;\">Im Jahr <strong>2025<\/strong> haben wir den Entspannungsbereich\/SPA mit neuen Materialien, Licht- und Wasserspielen noch einzigartiger und eindrucksvoller gestaltet. Auch unser Hauptgarten hat sich in einen Salon unter freiem Himmel verwandelt, f\u00fcr Ihre und unsere Momente der Entspannung! <\/li>\n<\/ul>\n<p><strong>Im Jahr 2026 feiern wir unser 30-j\u00e4hriges Jubil\u00e4um als toskanische Gastgeber!<\/strong><\/p>\n<p>[\/et_pb_text][et_pb_button button_url=\"https:\/\/www.villadisotto.it\/de\/#buchen\" button_text=\"Verf\u00fcgbarkeit pr\u00fcfen\" button_alignment=\"right\" button_alignment_tablet=\"right\" button_alignment_phone=\"center\" button_alignment_last_edited=\"on|phone\" disabled_on=\"off|on|on\" _builder_version=\"4.27.5\" custom_button=\"on\" button_text_size=\"18px\" button_text_color=\"#FFFFFF\" button_bg_color=\"#179d0d\" button_border_color=\"RGBA(0,0,0,0)\" button_font=\"|700|||||||\" button_icon=\"&#xf232;||fa||400\" custom_margin=\"||26px||false|false\" custom_margin_tablet=\"|||0px|false|false\" custom_margin_phone=\"\" custom_margin_last_edited=\"on|desktop\" custom_padding=\"|50px||50px|true|true\" button_text_size_tablet=\"18px\" button_text_size_phone=\"15px\" button_text_size_last_edited=\"on|phone\" locked=\"off\" global_colors_info=\"{}\"][\/et_pb_button][\/et_pb_column][\/et_pb_row][\/et_pb_section][et_pb_section fb_built=\"1\" _builder_version=\"4.16\" background_color=\"rgba(211,190,128,0.4)\" custom_padding=\"18px|0px|18px|0px|true|false\" top_divider_style=\"wave2\" top_divider_color=\"#ffffff\" top_divider_flip=\"horizontal\" global_colors_info=\"{}\"][et_pb_row use_custom_gutter=\"on\" gutter_width=\"2\" module_class=\" et_pb_row_fullwidth\" _builder_version=\"4.16\" width=\"94%\" width_tablet=\"80%\" width_phone=\"\" width_last_edited=\"on|desktop\" max_width=\"94%\" max_width_tablet=\"80%\" max_width_phone=\"\" max_width_last_edited=\"on|desktop\" custom_padding=\"115px|0px|27px|0px|false|false\" make_fullwidth=\"on\" global_colors_info=\"{}\"][et_pb_column type=\"4_4\" _builder_version=\"4.16\" custom_padding=\"|||\" global_colors_info=\"{}\" custom_padding__hover=\"|||\"][et_pb_gallery gallery_ids=\"1775,1774,1638,1863\" show_title_and_caption=\"off\" show_pagination=\"off\" _builder_version=\"4.16\" global_colors_info=\"{}\"][\/et_pb_gallery][\/et_pb_column][\/et_pb_row][\/et_pb_section]<\/p>\n","protected":false},"excerpt":{"rendered":"<p>\u00dcber uns... Wohnen in einem gro\u00dfen Bauernhaus, mit einem Platz Wunderbar, er hat in uns die Idee und den Wunsch geboren, sie zu teilen. Wir haben beschlossen, einen Teil des Hauses in Bed &amp; Breakfast umzuwandeln. Das Abenteuer begann im Januar 1996 mit der Realisierung der ersten drei R\u00e4ume. Es war nicht einfach...auf dem Papier [&hellip;]<\/p>\n","protected":false},"author":3,"featured_media":1638,"parent":0,"menu_order":0,"comment_status":"closed","ping_status":"closed","template":"","meta":{"_et_pb_use_builder":"on","_et_pb_old_content":"","_et_gb_content_width":"","footnotes":""},"class_list":["post-1637","page","type-page","status-publish","has-post-thumbnail","hentry"],"yoast_head":"<!-- This site is optimized with the Yoast SEO plugin v27.4 - https:\/\/yoast.com\/product\/yoast-seo-wordpress\/ -->\n<title>B&amp;B im Chianti - Sauro und Paola, die Besitzer der Villa di Sotto<\/title>\n<meta name=\"description\" content=\"B&amp;B im Chianti | Das Leben in einem gro\u00dfen Bauernhaus, mit einer wunderbaren Lage, hat uns die Idee und den Wunsch gegeben, sie zu teilen...\" \/>\n<meta name=\"robots\" content=\"index, follow, max-snippet:-1, max-image-preview:large, max-video-preview:-1\" \/>\n<link rel=\"canonical\" href=\"https:\/\/www.villadisotto.it\/de\/b-b-in-chianti-uber-uns\/\" \/>\n<meta property=\"og:locale\" content=\"de_DE\" \/>\n<meta property=\"og:type\" content=\"article\" \/>\n<meta property=\"og:title\" content=\"B&amp;B im Chianti - Sauro und Paola, die Besitzer der Villa di Sotto\" \/>\n<meta property=\"og:description\" content=\"B&amp;B im Chianti | Das Leben in einem gro\u00dfen Bauernhaus, mit einer wunderbaren Lage, hat uns die Idee und den Wunsch gegeben, sie zu teilen...\" \/>\n<meta property=\"og:url\" content=\"https:\/\/www.villadisotto.it\/de\/b-b-in-chianti-uber-uns\/\" \/>\n<meta property=\"og:site_name\" content=\"Villa di Sotto\" \/>\n<meta property=\"article:modified_time\" content=\"2026-01-27T13:30:52+00:00\" \/>\n<meta property=\"og:image\" content=\"https:\/\/www.villadisotto.it\/wp-content\/uploads\/2019\/04\/proprietari.jpg\" \/>\n\t<meta property=\"og:image:width\" content=\"1988\" \/>\n\t<meta property=\"og:image:height\" content=\"1491\" \/>\n\t<meta property=\"og:image:type\" content=\"image\/jpeg\" \/>\n<meta name=\"twitter:card\" content=\"summary_large_image\" \/>\n<meta name=\"twitter:label1\" content=\"Gesch\u00e4tzte Lesezeit\" \/>\n\t<meta name=\"twitter:data1\" content=\"4\u00a0Minuten\" \/>\n<script type=\"application\/ld+json\" class=\"yoast-schema-graph\">{\"@context\":\"https:\\\/\\\/schema.org\",\"@graph\":[{\"@type\":\"WebPage\",\"@id\":\"https:\\\/\\\/www.villadisotto.it\\\/de\\\/b-b-in-chianti-uber-uns\\\/\",\"url\":\"https:\\\/\\\/www.villadisotto.it\\\/de\\\/b-b-in-chianti-uber-uns\\\/\",\"name\":\"B&B im Chianti - Sauro und Paola, die Besitzer der Villa di Sotto\",\"isPartOf\":{\"@id\":\"https:\\\/\\\/www.villadisotto.it\\\/#website\"},\"primaryImageOfPage\":{\"@id\":\"https:\\\/\\\/www.villadisotto.it\\\/de\\\/b-b-in-chianti-uber-uns\\\/#primaryimage\"},\"image\":{\"@id\":\"https:\\\/\\\/www.villadisotto.it\\\/de\\\/b-b-in-chianti-uber-uns\\\/#primaryimage\"},\"thumbnailUrl\":\"https:\\\/\\\/www.villadisotto.it\\\/wp-content\\\/uploads\\\/2019\\\/04\\\/proprietari.jpg\",\"datePublished\":\"2019-06-11T14:59:27+00:00\",\"dateModified\":\"2026-01-27T13:30:52+00:00\",\"description\":\"B&B im Chianti | Das Leben in einem gro\u00dfen Bauernhaus, mit einer wunderbaren Lage, hat uns die Idee und den Wunsch gegeben, sie zu teilen...\",\"breadcrumb\":{\"@id\":\"https:\\\/\\\/www.villadisotto.it\\\/de\\\/b-b-in-chianti-uber-uns\\\/#breadcrumb\"},\"inLanguage\":\"de\",\"potentialAction\":[{\"@type\":\"ReadAction\",\"target\":[\"https:\\\/\\\/www.villadisotto.it\\\/de\\\/b-b-in-chianti-uber-uns\\\/\"]}]},{\"@type\":\"ImageObject\",\"inLanguage\":\"de\",\"@id\":\"https:\\\/\\\/www.villadisotto.it\\\/de\\\/b-b-in-chianti-uber-uns\\\/#primaryimage\",\"url\":\"https:\\\/\\\/www.villadisotto.it\\\/wp-content\\\/uploads\\\/2019\\\/04\\\/proprietari.jpg\",\"contentUrl\":\"https:\\\/\\\/www.villadisotto.it\\\/wp-content\\\/uploads\\\/2019\\\/04\\\/proprietari.jpg\",\"width\":1988,\"height\":1491,\"caption\":\"B&B im Chianti\"},{\"@type\":\"BreadcrumbList\",\"@id\":\"https:\\\/\\\/www.villadisotto.it\\\/de\\\/b-b-in-chianti-uber-uns\\\/#breadcrumb\",\"itemListElement\":[{\"@type\":\"ListItem\",\"position\":1,\"name\":\"Home\",\"item\":\"https:\\\/\\\/www.villadisotto.it\\\/\"},{\"@type\":\"ListItem\",\"position\":2,\"name\":\"B&amp;B im Chianti - \u00dcber uns\"}]},{\"@type\":\"WebSite\",\"@id\":\"https:\\\/\\\/www.villadisotto.it\\\/#website\",\"url\":\"https:\\\/\\\/www.villadisotto.it\\\/\",\"name\":\"Villa di Sotto\",\"description\":\"Il cuore del Chianti\",\"potentialAction\":[{\"@type\":\"SearchAction\",\"target\":{\"@type\":\"EntryPoint\",\"urlTemplate\":\"https:\\\/\\\/www.villadisotto.it\\\/?s={search_term_string}\"},\"query-input\":{\"@type\":\"PropertyValueSpecification\",\"valueRequired\":true,\"valueName\":\"search_term_string\"}}],\"inLanguage\":\"de\"}]}<\/script>\n<!-- \/ Yoast SEO plugin. -->","yoast_head_json":{"title":"B&B im Chianti - Sauro und Paola, die Besitzer der Villa di Sotto","description":"B&B im Chianti | Das Leben in einem gro\u00dfen Bauernhaus, mit einer wunderbaren Lage, hat uns die Idee und den Wunsch gegeben, sie zu teilen...","robots":{"index":"index","follow":"follow","max-snippet":"max-snippet:-1","max-image-preview":"max-image-preview:large","max-video-preview":"max-video-preview:-1"},"canonical":"https:\/\/www.villadisotto.it\/de\/b-b-in-chianti-uber-uns\/","og_locale":"de_DE","og_type":"article","og_title":"B&B im Chianti - Sauro und Paola, die Besitzer der Villa di Sotto","og_description":"B&B im Chianti | Das Leben in einem gro\u00dfen Bauernhaus, mit einer wunderbaren Lage, hat uns die Idee und den Wunsch gegeben, sie zu teilen...","og_url":"https:\/\/www.villadisotto.it\/de\/b-b-in-chianti-uber-uns\/","og_site_name":"Villa di Sotto","article_modified_time":"2026-01-27T13:30:52+00:00","og_image":[{"width":1988,"height":1491,"url":"https:\/\/www.villadisotto.it\/wp-content\/uploads\/2019\/04\/proprietari.jpg","type":"image\/jpeg"}],"twitter_card":"summary_large_image","twitter_misc":{"Gesch\u00e4tzte Lesezeit":"4\u00a0Minuten"},"schema":{"@context":"https:\/\/schema.org","@graph":[{"@type":"WebPage","@id":"https:\/\/www.villadisotto.it\/de\/b-b-in-chianti-uber-uns\/","url":"https:\/\/www.villadisotto.it\/de\/b-b-in-chianti-uber-uns\/","name":"B&B im Chianti - Sauro und Paola, die Besitzer der Villa di Sotto","isPartOf":{"@id":"https:\/\/www.villadisotto.it\/#website"},"primaryImageOfPage":{"@id":"https:\/\/www.villadisotto.it\/de\/b-b-in-chianti-uber-uns\/#primaryimage"},"image":{"@id":"https:\/\/www.villadisotto.it\/de\/b-b-in-chianti-uber-uns\/#primaryimage"},"thumbnailUrl":"https:\/\/www.villadisotto.it\/wp-content\/uploads\/2019\/04\/proprietari.jpg","datePublished":"2019-06-11T14:59:27+00:00","dateModified":"2026-01-27T13:30:52+00:00","description":"B&B im Chianti | Das Leben in einem gro\u00dfen Bauernhaus, mit einer wunderbaren Lage, hat uns die Idee und den Wunsch gegeben, sie zu teilen...","breadcrumb":{"@id":"https:\/\/www.villadisotto.it\/de\/b-b-in-chianti-uber-uns\/#breadcrumb"},"inLanguage":"de","potentialAction":[{"@type":"ReadAction","target":["https:\/\/www.villadisotto.it\/de\/b-b-in-chianti-uber-uns\/"]}]},{"@type":"ImageObject","inLanguage":"de","@id":"https:\/\/www.villadisotto.it\/de\/b-b-in-chianti-uber-uns\/#primaryimage","url":"https:\/\/www.villadisotto.it\/wp-content\/uploads\/2019\/04\/proprietari.jpg","contentUrl":"https:\/\/www.villadisotto.it\/wp-content\/uploads\/2019\/04\/proprietari.jpg","width":1988,"height":1491,"caption":"B&B im Chianti"},{"@type":"BreadcrumbList","@id":"https:\/\/www.villadisotto.it\/de\/b-b-in-chianti-uber-uns\/#breadcrumb","itemListElement":[{"@type":"ListItem","position":1,"name":"Home","item":"https:\/\/www.villadisotto.it\/"},{"@type":"ListItem","position":2,"name":"B&amp;B im Chianti - \u00dcber uns"}]},{"@type":"WebSite","@id":"https:\/\/www.villadisotto.it\/#website","url":"https:\/\/www.villadisotto.it\/","name":"Villa di Sotto","description":"Il cuore del Chianti","potentialAction":[{"@type":"SearchAction","target":{"@type":"EntryPoint","urlTemplate":"https:\/\/www.villadisotto.it\/?s={search_term_string}"},"query-input":{"@type":"PropertyValueSpecification","valueRequired":true,"valueName":"search_term_string"}}],"inLanguage":"de"}]}},"_links":{"self":[{"href":"https:\/\/www.villadisotto.it\/de\/wp-json\/wp\/v2\/pages\/1637","targetHints":{"allow":["GET"]}}],"collection":[{"href":"https:\/\/www.villadisotto.it\/de\/wp-json\/wp\/v2\/pages"}],"about":[{"href":"https:\/\/www.villadisotto.it\/de\/wp-json\/wp\/v2\/types\/page"}],"author":[{"embeddable":true,"href":"https:\/\/www.villadisotto.it\/de\/wp-json\/wp\/v2\/users\/3"}],"replies":[{"embeddable":true,"href":"https:\/\/www.villadisotto.it\/de\/wp-json\/wp\/v2\/comments?post=1637"}],"version-history":[{"count":34,"href":"https:\/\/www.villadisotto.it\/de\/wp-json\/wp\/v2\/pages\/1637\/revisions"}],"predecessor-version":[{"id":30533,"href":"https:\/\/www.villadisotto.it\/de\/wp-json\/wp\/v2\/pages\/1637\/revisions\/30533"}],"wp:featuredmedia":[{"embeddable":true,"href":"https:\/\/www.villadisotto.it\/de\/wp-json\/wp\/v2\/media\/1638"}],"wp:attachment":[{"href":"https:\/\/www.villadisotto.it\/de\/wp-json\/wp\/v2\/media?parent=1637"}],"curies":[{"name":"wp","href":"https:\/\/api.w.org\/{rel}","templated":true}]}}